{"id":69,"date":"2016-01-03T13:21:12","date_gmt":"2016-01-03T13:21:12","guid":{"rendered":"http:\/\/www.demo.acmethemes.com\/acmeblog\/?page_id=2"},"modified":"2022-03-11T17:03:53","modified_gmt":"2022-03-11T14:03:53","slug":"information-for-authors","status":"publish","type":"page","link":"https:\/\/dergi.fabad.org.tr\/tr\/information-for-authors\/","title":{"rendered":"Yazarlar i\u00e7in Bilgi"},"content":{"rendered":"<p><div id=\"accordions-1985\" class=\"accordions-1985 accordions\" data-accordions={&quot;lazyLoad&quot;:true,&quot;id&quot;:&quot;1985&quot;,&quot;event&quot;:&quot;click&quot;,&quot;collapsible&quot;:&quot;true&quot;,&quot;heightStyle&quot;:&quot;content&quot;,&quot;animateStyle&quot;:&quot;swing&quot;,&quot;animateDelay&quot;:1000,&quot;navigation&quot;:true,&quot;active&quot;:999,&quot;expandedOther&quot;:&quot;no&quot;}>\r\n                <div id=\"accordions-lazy-1985\" class=\"accordions-lazy\" accordionsId=\"1985\">\r\n                    <\/div>\r\n\r\n    <div class=\"items\"  style=\"display:none\" >\r\n    \r\n            <div post_id=\"1985\" itemcount=\"0\"  header_id=\"header-1613930872245\" id=\"header-1613930872245\" style=\"\" class=\"accordions-head head1613930872245 border-none\" toggle-text=\"\" main-text=\"Makale \u00c7e\u015fitleri\">\r\n                                    <span id=\"accordion-icons-1613930872245\" class=\"accordion-icons\">\r\n                        <span class=\"accordion-icon-active accordion-plus\"><i class=\"fas fa-chevron-up\"><\/i><\/span>\r\n                        <span class=\"accordion-icon-inactive accordion-minus\"><i class=\"fas fa-chevron-right\"><\/i><\/span>\r\n                    <\/span>\r\n                    <span id=\"header-text-1613930872245\" class=\"accordions-head-title\">Makale \u00c7e\u015fitleri<\/span>\r\n                            <\/div>\r\n            <div class=\"accordion-content content1613930872245 \">\r\n                <p>FABAD Farmas\u00f6tik Bilimler Dergisi \u0130ngilizce yaz\u0131lm\u0131\u015f orijinal ara\u015ft\u0131rma makalelerini ve derleme makalelerini de\u011ferlendirmeye al\u0131r.<\/p>\n<p><strong>Ara\u015ft\u0131rma Makaleleri<\/strong><\/p>\n<p>\u00d6zg\u00fcn, orijinal bir ara\u015ft\u0131rmay\u0131 bulgu ve sonu\u00e7lar\u0131 ile a\u00e7\u0131klayan makalelerdir. Ara\u015ft\u0131rma makalelerinin yenilik\u00e7i ve bilime katk\u0131 sa\u011flayan \u00e7al\u0131\u015fmalar olmas\u0131 beklenir. Ara\u015ft\u0131rma makaleleri, ba\u015fl\u0131k, \u00f6zet (\u0130ngilizce\/T\u00fcrk\u00e7e), en az 3 adet anahtar kelime (\u0130ngilizce\/T\u00fcrk\u00e7e), giri\u015f, materyal-y\u00f6ntem, bulgular ve tart\u0131\u015fma, sonu\u00e7 ve kaynaklar k\u0131s\u0131mlar\u0131ndan olu\u015fur. Makaleler Windows uyumlu bir program (MS Words vb) kullan\u0131larak haz\u0131rlanmal\u0131 ve ara\u015ft\u0131rma makaleleri i\u00e7in \u015fekil, tablo ve referanslar dahil 20 sayfay\u0131 ge\u00e7memelidir.<\/p>\n<p><strong>Derlemeler<\/strong><\/p>\n<p>Derlemeler farmas\u00f6tik bilimlerle ilgili konularda detayl\u0131 literat\u00fcr \u00f6zeti veren \u00e7al\u0131\u015fmalard\u0131r. Derlemeler ba\u015fl\u0131k, \u00f6zet (\u0130ngilizce\/T\u00fcrk\u00e7e), \u00a0en az 3 adet anahtar kelime (\u0130ngilizce\/T\u00fcrk\u00e7e), giri\u015f, geli\u015fme,\u00a0 sonu\u00e7 ve kaynaklar k\u0131s\u0131mlar\u0131ndan olu\u015fur. Makaleler Windows uyumlu bir program (MS Words vb) kullan\u0131larak haz\u0131rlanmal\u0131 ve derleme makaleleri i\u00e7in \u015fekil, tablo ve referanslar dahil 30 sayfay\u0131 ge\u00e7memelidir.<\/p>\n            <\/div>\r\n    \r\n            <div post_id=\"1985\" itemcount=\"1\"  header_id=\"header-1613930938615\" id=\"header-1613930938615\" style=\"\" class=\"accordions-head head1613930938615 border-none\" toggle-text=\"\" main-text=\"Yay\u0131n Politikas\u0131 ve Etik \u0130lkeler\">\r\n                                    <span id=\"accordion-icons-1613930938615\" class=\"accordion-icons\">\r\n                        <span class=\"accordion-icon-active accordion-plus\"><i class=\"fas fa-chevron-up\"><\/i><\/span>\r\n                        <span class=\"accordion-icon-inactive accordion-minus\"><i class=\"fas fa-chevron-right\"><\/i><\/span>\r\n                    <\/span>\r\n                    <span id=\"header-text-1613930938615\" class=\"accordions-head-title\">Yay\u0131n Politikas\u0131 ve Etik \u0130lkeler<\/span>\r\n                            <\/div>\r\n            <div class=\"accordion-content content1613930938615 \">\r\n                <p><strong>Yay\u0131n Politikas\u0131<\/strong><\/p>\n<p>FABAD Farmas\u00f6tik Bilimler Dergisi, farmas\u00f6tik bilimler alan\u0131ndaki orijinal ara\u015ft\u0131rmalar ve derlemelerin yay\u0131mland\u0131\u011f\u0131, a\u00e7\u0131k eri\u015fimli ve hakemli bir dergidir. Makaleler editoryal incelemeye tabidir ve en az iki ba\u011f\u0131ms\u0131z hakem taraf\u0131ndan de\u011ferlendirilir.<\/p>\n<p>1976 Copyright Act\u2019e g\u00f6re, yay\u0131mlanmak \u00fczere kabul edilen yaz\u0131lar\u0131n her t\u00fcrl\u00fc yay\u0131n hakk\u0131 dergiyi yay\u0131mlayan kuruma aittir. Makalelerin yay\u0131n ve telif haklar\u0131 dergiye ait olup, telif hakk\u0131 i\u00e7in \u00f6deme yap\u0131lmaz.<\/p>\n<p>Dergiye gelen makaleler edit\u00f6r \/edit\u00f6r yard\u0131mc\u0131(lar)\u0131 taraf\u0131ndan bi\u00e7imsel ve bilimsel bir \u00f6n incelemeye tabi tutulur. Dergi kurallar\u0131na g\u00f6re yaz\u0131lmam\u0131\u015f olan makaleler kesinlikle kabul edilmemektedir.<\/p>\n<p>\u00d6n incelemeden ge\u00e7en makaleler edit\u00f6r\/edit\u00f6r yard\u0131mc\u0131(lar)\u0131 taraf\u0131ndan en az iki uzman hakeme g\u00f6nderilerek bilimsel olarak de\u011ferlendirilmesi sa\u011flan\u0131r.<\/p>\n<p>De\u011ferlendirme s\u00fcreci tamamlanan ve dergide yay\u0131nlanmak \u00fczere kabul edilen makalelerin yay\u0131nlanma s\u0131ras\u0131na makalelerin geli\u015f s\u0131ras\u0131na g\u00f6re dergi edit\u00f6r\/edit\u00f6r yard\u0131mc\u0131(lar)\u0131 karar verir.<\/p>\n<p>Makalenin de\u011ferlendirilmesi ile ilgili yaz\u0131\u015fmalar sadece sorumlu yazar ile yap\u0131lacakt\u0131r.<\/p>\n<p><strong>Yay\u0131n Eti\u011fi<\/strong><\/p>\n<p>\u00c7al\u0131\u015fmada ticari bir ba\u011flant\u0131 veya maddi destek al\u0131nan kurum bulunuyorsa; yazarlar\u0131n kullan\u0131lan ticari \u00fcr\u00fcn, ila\u00e7, firma ile ticari hi\u00e7bir ili\u015fkisinin olmad\u0131\u011f\u0131n\u0131 veya olmas\u0131 durumunda ili\u015fkinin durumu makalede bildirilmelidir. Makalede yazarlardan herhangi birinin ticari \u00e7at\u0131\u015fmas\u0131 varsa kaynaklardan \u00f6nce \u201c\u00c7\u0131kar \u00c7at\u0131\u015fmas\u0131\u201d b\u00f6l\u00fcm\u00fcnde yaz\u0131lmal\u0131d\u0131r. \u00c7al\u0131\u015fma i\u00e7in al\u0131nan finansal destekler varsa mutlaka belirtilmelidir. \u00c7al\u0131\u015fman\u0131n yap\u0131lmas\u0131 s\u0131ras\u0131nda do\u011frudan veya dolayl\u0131 yollardan \u00e7e\u015fitli kurulu\u015flarla (ila\u00e7 firmalar\u0131, ticari \u00fcr\u00fcn ba\u011flant\u0131lar\u0131 vb.) ticari bir ba\u011flant\u0131 kurulduysa (dan\u0131\u015fmanl\u0131k, s\u00f6zle\u015fmeler vb. dahil) makalede beyan edilmelidir.<\/p>\n<p><strong>Yazarlar\u0131n Etik Sorumluluklar\u0131<\/strong><\/p>\n<p>Dergimize g\u00f6nderilen makaleler, daha \u00f6nce herhangi bir yerde tamamen ya da k\u0131smen yay\u0131mlanmam\u0131\u015f \u00f6zg\u00fcn \u00e7al\u0131\u015fmalar olmal\u0131d\u0131r.<\/p>\n<p>Yaz\u0131lardaki d\u00fc\u015f\u00fcnce ve \u00f6neriler t\u00fcm\u00fcyle yazarlar\u0131n sorumlulu\u011fundad\u0131r.<\/p>\n<p>Yazar(lar) makale ile birlikte yaz\u0131\u015fmalardan sorumlu ki\u015finin ad\u0131-soyad\u0131, adresi, telefon numaras\u0131 ve e-posta gibi ileti\u015fim bilgilerini ayr\u0131ca yollamal\u0131d\u0131r. Sorumlu yazar dergi ile ileti\u015fimden ve ortak yazarlar\u0131n bilgilendirilmesinden sorumludur. Yay\u0131na katk\u0131 veren t\u00fcm yazarlar\u0131n yazar listesine dahil edilmesini, s\u0131ras\u0131n\u0131n t\u00fcm yazarlar taraf\u0131ndan kabul edildi\u011fini ve t\u00fcm yazarlar\u0131n makalenin g\u00f6nderildi\u011finden haberdar olmas\u0131n\u0131 sa\u011flar.<\/p>\n<p>Makale sonunda; her bir ara\u015ft\u0131rmac\u0131n\u0131n yay\u0131na verdi\u011fi katk\u0131 k\u0131saca a\u00e7\u0131klanmal\u0131d\u0131r.<\/p>\n<p>Dergiye iletilen makaleler ba\u015fka s\u00fcreli yay\u0131nlarda yay\u0131nlanm\u0131\u015f veya yay\u0131nlanmak \u00fczere g\u00f6nderilmi\u015f olmamal\u0131d\u0131r. Ayr\u0131ca dergiye g\u00f6nderilmi\u015f, hakemler taraf\u0131ndan de\u011ferlendirilmi\u015f ve kabul alm\u0131\u015f makaleler dergiden geri \u00e7ekilemez.<\/p>\n<p>Ara\u015ft\u0131rma makaleleri, herhangi bir kurumdan ara\u015ft\u0131rma projesi olarak destek alm\u0131\u015f ise proje numaralar\u0131 ile birlikte te\u015fekk\u00fcr k\u0131sm\u0131na yaz\u0131lmal\u0131d\u0131r.<\/p>\n<p>Makalede kaynaklardan \u00f6nce \u201c\u00c7\u0131kar \u00c7at\u0131\u015fmas\u0131\u201d b\u00f6l\u00fcm\u00fcnde yazarlardan herhangi birinin ticari olarak \u00e7at\u0131\u015fmas\u0131 varsa beyan edilmelidir.<\/p>\n<p>Dergiye g\u00f6nderilecek makalelerin <em>iThenticate program\u0131<\/em> ile benzerlik oran\u0131n\u0131n belirlenmesi, programdan al\u0131nan raporun tam metin olarak makale ile birlikte g\u00f6nderilmesi gereklidir.<\/p>\n<p>Yazar(lar) ara\u015ft\u0131rma ve derleme makalelerinin de\u011ferlendirilmesi i\u00e7in, hakem \u00f6nerisinde bulunabilirler. Ancak dergi bu \u00f6neriler d\u0131\u015f\u0131nda hakem se\u00e7me hakk\u0131na sahiptir.<\/p>\n<p>Hakemler taraf\u0131ndan yay\u0131na yap\u0131lan ele\u015ftirilere yazarlar sorumlu yazar arac\u0131l\u0131\u011f\u0131yla yan\u0131t vermekle ve gerekli de\u011fi\u015fiklikleri yapmakla y\u00fck\u00fcml\u00fcd\u00fcrler. E\u011fer istenen de\u011fi\u015fiklikler yazarlar taraf\u0131ndan uygun bulunmuyorsa, nedeni a\u00e7\u0131klanmal\u0131d\u0131r.<\/p>\n<p>Yay\u0131n kabul edildikten sonra yay\u0131nlanmadan \u00f6nce yazarlar sorumlu yazar arac\u0131l\u0131\u011f\u0131yla son d\u00fczeltmeleri yapabilir. Yay\u0131na kabul edilen makalelerdeki imla hatas\u0131 ve dilbilgisi yanl\u0131\u015flar\u0131 d\u0131\u015f\u0131ndaki d\u00fczeltmeler yaln\u0131zca edit\u00f6r\u00fcn onay\u0131 ile yap\u0131labilir.<\/p>\n<p><strong>Ara\u015ft\u0131rma Etik Kurul Sorumlulu\u011fu<\/strong><\/p>\n<p>Yay\u0131nlanacak t\u00fcm insan veya hayvan \u00e7al\u0131\u015fmalar\u0131nda etik kurul raporu al\u0131nmas\u0131 beklenmektedir.<\/p>\n<p><a href=\"https:\/\/dergi.fabad.org.tr\/file\/Helsinki%20Bildirgesi.pdf\" target=\"_blank\" rel=\"noopener\">\u0130nsan \u00e7al\u0131\u015fmalar\u0131nda Helsinki Deklerasyonu Prensipleri<\/a>\u2019ne uygunluk ilkesi aranmaktad\u0131r. Bu tip \u00e7al\u0131\u015fmalar\u0131n varl\u0131\u011f\u0131nda yazarlardan, makalenin\u00a0<em><strong>Materyal ve y\u00f6ntem<\/strong><\/em>\u00a0b\u00f6l\u00fcm\u00fcnde bu prensiplere uygun olarak \u00e7al\u0131\u015fmay\u0131 yapt\u0131klar\u0131n\u0131, kurumlar\u0131n\u0131n etik kurullar\u0131ndan ald\u0131klar\u0131 raporun tarih ve numaras\u0131n\u0131 eklemeleri beklenmektedir.<\/p>\n<p>Hayvan kullan\u0131lan \u00e7al\u0131\u015fmalarda ise <a href=\"https:\/\/dergi.fabad.org.tr\/file\/guide-for-the-care-and-use-of-laboratory-animals.pdf\" target=\"_blank\" rel=\"noopener\">Guide for the Care and Use of Laboratory Animals<\/a> prensipleri do\u011frultusunda \u00e7al\u0131\u015fmalar\u0131nda hayvan haklar\u0131n\u0131 koruduklar\u0131n\u0131 ve kurumlar\u0131n\u0131n etik kurullar\u0131ndan onay ald\u0131klar\u0131n\u0131 belirtmelidirler. Makalenin\u00a0<em><strong>Materyal ve y\u00f6ntem<\/strong><\/em>\u00a0b\u00f6l\u00fcm\u00fcnde bu prensiplere uygun olarak \u00e7al\u0131\u015fmay\u0131 yapt\u0131klar\u0131n\u0131, kurumlar\u0131n\u0131n etik kurullar\u0131ndan ald\u0131klar\u0131 raporun tarih ve numaras\u0131n\u0131 eklemeleri beklenmektedir.<\/p>\n<p>Bitkisel materyaller i\u00e7in herbaryum adresi, numaras\u0131 ve te\u015fhis eden ki\u015finin ad\u0131 ve soyad\u0131 verilmelidir.<\/p>\n<p><strong>Edit\u00f6r\u00fcn Etik Sorumluluklar\u0131<\/strong><\/p>\n<p>Yay\u0131nlar\u0131n kabul edilmesine veya reddedilmesine hakemler, yay\u0131n ve dan\u0131\u015fma kurullar\u0131 ve alan edit\u00f6rlerinin yard\u0131m\u0131yla edit\u00f6r karar verir.<\/p>\n<p>De\u011ferlendirme s\u00fcreci tamamlanan ve dergide yay\u0131nlanmak \u00fczere kabul edilen makalelerin yay\u0131nlanma s\u0131ras\u0131na makalelerin geli\u015f s\u0131ras\u0131na g\u00f6re dergi edit\u00f6r\/edit\u00f6r yard\u0131mc\u0131(lar)\u0131 karar verir.<\/p>\n<p>Edit\u00f6rler, uygun uzmanl\u0131\u011fa sahip ve sa\u011flam yarg\u0131ya sahip hakemleri se\u00e7meye \u00e7al\u0131\u015f\u0131r.<\/p>\n<p>Makale kabul s\u00fcrecinde, iki hakemin g\u00f6r\u00fc\u015flerinin farkl\u0131 olmas\u0131 durumunda karar\u0131 edit\u00f6rler verir veya \u00fc\u00e7\u00fcnc\u00fc bir hakemin g\u00f6r\u00fc\u015f\u00fc al\u0131narak karar verilir.<\/p>\n<p>Edit\u00f6rler hakemlerin de\u011ferlendirmelerini, gizlilik ve tarafs\u0131zl\u0131k ilkesine uygun bir \u015fekilde ve uygun zaman i\u00e7erisinde yapmalar\u0131na dair sorumluluklar\u0131n\u0131 anlamalar\u0131n\u0131 sa\u011flarlar.<\/p>\n<p>Hakemler aras\u0131nda veya hakemler ile yazarlar aras\u0131nda bir anla\u015fmazl\u0131k oldu\u011funda veya makalenin hakemler taraf\u0131ndan yeterince dikkate al\u0131nmad\u0131\u011f\u0131n\u0131 d\u00fc\u015f\u00fcnd\u00fc\u011f\u00fcnde, edit\u00f6rler yay\u0131n kurulu \u00fcyelerinden tavsiye al\u0131rlar.<\/p>\n<p>Edit\u00f6rler, bir makaledeki hatalar\u0131 yay\u0131nlanmadan \u00f6nce tespit ederse d\u00fczeltmeli, daha sonra tespit edilmesi durumunda ise d\u00fczeltmeleri yay\u0131nlarlar. T\u00fcm d\u00fczeltme veya geri \u00e7ekme bildirimleri, dergide belirgin bir \u015fekilde yay\u0131nlan\u0131r ve orijinal makaleye veya \u00f6zete tam bibliyografik referans\u0131 i\u00e7erir. Ayr\u0131ca i\u00e7indekiler sayfas\u0131nda listelenir ve belirgin bir \u015fekilde etiketlenir (\u00f6r. Yaz\u0131m hatas\u0131, geri \u00e7ekme veya \u00f6z\u00fcr dileme).<\/p>\n<p>Edit\u00f6rler, yazarlar\u0131 uygun literat\u00fcre ve hakemli dergilerde yap\u0131lan yay\u0131nlara at\u0131fta bulunma konusunda destekler.<\/p>\n<p>Edit\u00f6rler; yay\u0131nlarda yer verilen deneklerin ki\u015fisel verilerin korunmas\u0131n\u0131 sa\u011flamakla y\u00fck\u00fcml\u00fcd\u00fcr. \u00c7al\u0131\u015fmalarda kullan\u0131lan bireylerin a\u00e7\u0131k r\u0131zas\u0131 belgeli olmad\u0131\u011f\u0131 s\u00fcrece \u00e7al\u0131\u015fmay\u0131 reddetmekle g\u00f6revlidir. Edit\u00f6rler; yazar, hakem ve okuyucular\u0131n bireysel verilerini korumaktan sorumludur.<\/p>\n<p>Edit\u00f6r ve Yay\u0131n Kurulu \u00fcyeleri, g\u00f6nderilen bir makale hakk\u0131nda herhangi bir bilgiyi makalenin yazarlar\u0131, hakemler, olas\u0131 hakemler ve uygun oldu\u011fu \u015fekilde yay\u0131nc\u0131 d\u0131\u015f\u0131nda kimseye a\u00e7\u0131klamazlar.<\/p>\n<p>Edit\u00f6r, beklenen g\u00f6revlerini yerine getirirken, yazarlar\u0131n cinsiyeti, cinsel y\u00f6nelimi, dini veya siyasi inan\u00e7lar\u0131, etnik veya co\u011frafi k\u00f6kenine dayal\u0131 ayr\u0131mc\u0131l\u0131k yapmadan dengeli, objektif ve adil davran\u0131r.<\/p>\n<p><strong>Hakemlerin Etik Sorumluluklar\u0131<\/strong><\/p>\n<p>Hakemler tarafs\u0131zl\u0131k ve gizlilik kurallar\u0131 i\u00e7erisinde de\u011ferlendirme yapmal\u0131d\u0131r. Hakemler makaleyi kopyalamamal\u0131 ve saklamamal\u0131d\u0131r.<\/p>\n<p>Hakemler kendilerine g\u00f6nderilen makale de\u011ferlendirme davetlerini uzmanl\u0131klar\u0131na g\u00f6re de\u011ferlendirerek zaman\u0131nda kabul\/red cevab\u0131 vermelidir.<\/p>\n<p>Hakemler \u00e7al\u0131\u015fman\u0131n kalitesini artt\u0131rmaya y\u00f6nelik de\u011ferlendirmeler yapmal\u0131 ve revizyon i\u00e7in yap\u0131c\u0131 \u00f6nerilerde bulunmal\u0131d\u0131r.<\/p>\n<p>Hakemler de\u011ferlendirmelerinde ki\u015fisel sald\u0131r\u0131 ve sert \u00fcsluplardan ka\u00e7\u0131nmal\u0131d\u0131rlar. \u0130nceledikleri makalenin yazarlar\u0131 ile ileti\u015fime ge\u00e7memelidirler.<\/p>\n<div id=\"WRWHOISInstalled\"><\/div>\n<div id=\"WRWHOISInstalled\"><\/div>\n<div id=\"WRWHOISInstalled\"><\/div>\n            <\/div>\r\n    \r\n            <div post_id=\"1985\" itemcount=\"2\"  header_id=\"header-1613930970550\" id=\"header-1613930970550\" style=\"\" class=\"accordions-head head1613930970550 border-none\" toggle-text=\"\" main-text=\"Makalenin G\u00f6nderilmesi\">\r\n                                    <span id=\"accordion-icons-1613930970550\" class=\"accordion-icons\">\r\n                        <span class=\"accordion-icon-active accordion-plus\"><i class=\"fas fa-chevron-up\"><\/i><\/span>\r\n                        <span class=\"accordion-icon-inactive accordion-minus\"><i class=\"fas fa-chevron-right\"><\/i><\/span>\r\n                    <\/span>\r\n                    <span id=\"header-text-1613930970550\" class=\"accordions-head-title\">Makalenin G\u00f6nderilmesi<\/span>\r\n                            <\/div>\r\n            <div class=\"accordion-content content1613930970550 \">\r\n                <div>\n<ul>\n<li>Yazar(lar) taraf\u0131ndan yaz\u0131m kurallar\u0131na g\u00f6re haz\u0131rlanm\u0131\u015f ara\u015ft\u0131rma ve derleme makaleleri, Dergi Park sistemi kullan\u0131larak iletilmelidir.<\/li>\n<li>Yazar(lar) makale ile birlikte yaz\u0131\u015fmalardan sorumlu ki\u015finin ad\u0131-soyad\u0131, adresi, telefon numaras\u0131 ve e-posta gibi ileti\u015fim bilgilerini ayr\u0131ca yollamal\u0131d\u0131r.<\/li>\n<li>Yazarlara ait ORCID numaralar\u0131; makale ba\u015fl\u0131\u011f\u0131n\u0131n, isim ve adreslerin yer ald\u0131\u011f\u0131 ba\u015fl\u0131k sayfas\u0131nda verilmelidir.<\/li>\n<li>Makaleler (ba\u015fl\u0131k, \u00f6zet, metin, \u015fekiller, tablolar, form\u00fcller, kaynaklar) tek bir dosya halinde kaydedilmeli ve dergiye g\u00f6nderilmeli, metin i\u00e7erisinde yer almas\u0131 istenen yerlere yerle\u015ftirilmelidir.<\/li>\n<li>Dergiye iletilen makaleler ba\u015fka s\u00fcreli yay\u0131nlarda yay\u0131nlanm\u0131\u015f veya yay\u0131nlanmak \u00fczere g\u00f6nderilmi\u015f olmamal\u0131d\u0131r. Ayr\u0131ca dergiye g\u00f6nderilmi\u015f, hakemler taraf\u0131ndan de\u011ferlendirilmi\u015f ve kabul alm\u0131\u015f makaleler dergiden geri \u00e7ekilemez.<\/li>\n<li>Ara\u015ft\u0131rma makaleleri, herhangi bir kurumdan ara\u015ft\u0131rma projesi olarak destek alm\u0131\u015f ise proje numaralar\u0131 ile birlikte te\u015fekk\u00fcr k\u0131sm\u0131na yaz\u0131lmal\u0131d\u0131r.<\/li>\n<li>Dergiye g\u00f6nderilecek makalelerin iThenticate program\u0131 ile benzerlik oran\u0131n\u0131n belirlenmesi, programdan al\u0131nan raporun tam metin olarak makale ile birlikte g\u00f6nderilmesi gereklidir.<\/li>\n<li>Hayvan deneyleri, insan biyolojik \u00f6rnekleri ve klinik \u00e7al\u0131\u015fmalar i\u00e7in uygun etik kurul onay\u0131n\u0131n ve ilgili olanlarda g\u00f6n\u00fcll\u00fc onam formunun al\u0131nd\u0131\u011f\u0131 metin i\u00e7erisinde belirtilmelidir. Enstit\u00fcn\u00fcn ad\u0131 ve etik kurul onay numaras\u0131 verilmelidir. S\u00f6z konusu etik onay belgesi taranarak makale ile birlikte g\u00f6nderilmelidir.<\/li>\n<li><a href=\"https:\/\/dergi.fabad.org.tr\/file\/CopyrightReleaseFormTR.docx\">Yay\u0131n Hakk\u0131 Devir Formu<\/a> ve <a href=\"https:\/\/dergi.fabad.org.tr\/file\/ChecklistAuthorTR.doc\">Yazar Kontrol Listesi<\/a> doldurularak makale ile birlikte g\u00f6nderilmelidir.<\/li>\n<\/ul>\n<\/div>\n            <\/div>\r\n    \r\n            <div post_id=\"1985\" itemcount=\"3\"  header_id=\"header-1613931053512\" id=\"header-1613931053512\" style=\"\" class=\"accordions-head head1613931053512 border-none\" toggle-text=\"\" main-text=\"Makalenin D\u00fczenlenmesi\">\r\n                                    <span id=\"accordion-icons-1613931053512\" class=\"accordion-icons\">\r\n                        <span class=\"accordion-icon-active accordion-plus\"><i class=\"fas fa-chevron-up\"><\/i><\/span>\r\n                        <span class=\"accordion-icon-inactive accordion-minus\"><i class=\"fas fa-chevron-right\"><\/i><\/span>\r\n                    <\/span>\r\n                    <span id=\"header-text-1613931053512\" class=\"accordions-head-title\">Makalenin D\u00fczenlenmesi<\/span>\r\n                            <\/div>\r\n            <div class=\"accordion-content content1613931053512 \">\r\n                <p>Tam metin dosyas\u0131; ba\u015fl\u0131k, \u00f6zet (\u0130ngilizce\/T\u00fcrk\u00e7e), en az 3 adet anahtar kelime (\u0130ngilizce\/T\u00fcrk\u00e7e), giri\u015f, materyal-y\u00f6ntem, bulgular ve tart\u0131\u015fma, sonu\u00e7, te\u015fekk\u00fcr (e\u011fer uygulanabilirse), \u00e7\u0131kar \u00e7at\u0131\u015fmas\u0131 ve kaynaklar k\u0131s\u0131mlar\u0131ndan olu\u015fmaktad\u0131r.<\/p>\n<p><strong>Ba\u015fl\u0131k:<\/strong>\u00a0Makale ba\u015fl\u0131\u011f\u0131 soldan yaslamal\u0131 olarak 14 punto ile her kelimenin ba\u015f harfi b\u00fcy\u00fck olacak \u015fekilde ve koyu harflerle yaz\u0131lmal\u0131d\u0131r. Yazar adlar\u0131 ve soyadlar\u0131 ortalanm\u0131\u015f olarak, adlar k\u00fc\u00e7\u00fck harfler ile soyadlar\u0131 ise b\u00fcy\u00fck harflerle 12 punto yaz\u0131lmal\u0131d\u0131r.<\/p>\n<p><strong>Giri\u015f:<\/strong>\u00a0Giri\u015f k\u0131sm\u0131, \u00e7al\u0131\u015fman\u0131n amac\u0131 ve yenili\u011fi hakk\u0131nda detayl\u0131 bilgi vermelidir.<\/p>\n<p><strong>Materyal ve Y\u00f6ntem:\u00a0<\/strong>Materyal ve y\u00f6ntem k\u0131s\u0131mlar\u0131 detayl\u0131 bir \u015fekilde a\u00e7\u0131klanmal\u0131d\u0131r.<\/p>\n<p><strong>Bulgular ve Tart\u0131\u015fma:<\/strong>\u00a0Bulgular, a\u00e7\u0131klay\u0131c\u0131 olmal\u0131 ve net bir \u015fekilde verilmelidir.<\/p>\n<p><strong>Sonu\u00e7:<\/strong>\u00a0Ara\u015ft\u0131rmac\u0131 gerekli g\u00f6r\u00fcrse ara\u015ft\u0131rma sonu\u00e7lar\u0131n\u0131 bir paragrafta \u00f6zetleyen bir sonu\u00e7 k\u0131sm\u0131 ekleyebilir.<\/p>\n<p><strong>Te\u015fekk\u00fcr:<\/strong>\u00a0Gerek duyuldu\u011fu takdirde metin sonuna, kaynaklardan hemen \u00f6nce eklenebilir.<\/p>\n<p><strong>\u00c7\u0131kar \u00c7at\u0131\u015fmas\u0131:<\/strong>\u00a0\u00c7\u0131kar \u00e7at\u0131\u015fmas\u0131 varsa belirtilmelidir. E\u011fer \u00e7\u0131kar \u00e7at\u0131\u015fmas\u0131 yoksa \u201cYazarlar herhangi bir \u00e7\u0131kar \u00e7at\u0131\u015fmas\u0131 olmad\u0131\u011f\u0131n\u0131 beyan eder.\u201d \u0130fadesi kullan\u0131lmal\u0131d\u0131r.<\/p>\n<p><strong>Yazar Katk\u0131 Oran\u0131 Beyan\u0131:\u00a0<\/strong>\u00c7al\u0131\u015fmada bulunan yazarlar\u0131n katk\u0131lar\u0131 k\u0131saca a\u00e7\u0131klanmal\u0131d\u0131r (Hipotez geli\u015ftirme, deney yapma, \u00e7al\u0131\u015fma metninin haz\u0131rlanmas\u0131, metnin g\u00f6zden ge\u00e7irilmesi, istatistik, datan\u0131n analizi ve yorumlanmas\u0131, literat\u00fcr ara\u015ft\u0131rmas\u0131 vb.) Katk\u0131lar yazarlar\u0131n ad ve soyadlar\u0131n\u0131n ba\u015f harfleri kullan\u0131larak verilmelidir.<\/p>\n<p><strong>Kaynaklar:\u00a0<\/strong>Kaynaklar metnin hemen sonunda yer almal\u0131 ve ilk yazar\u0131n soyad\u0131n\u0131n ilk harfine g\u00f6re alfabetik olarak verilmelidir. Kaynaklar, metin i\u00e7erisinde kullan\u0131m s\u0131ras\u0131na g\u00f6re yazar soyad\u0131 ve y\u0131l verilerek, ayn\u0131 yerde birden fazla referans verilecekse kendi i\u00e7inde kronolojik s\u0131ralama yap\u0131larak d\u00fczenlenmeli ve parantez i\u00e7erisinde verilmelidir.<\/p>\n<p>Etik kurallar\u0131 gere\u011fince, al\u0131nt\u0131lar metinde t\u0131rnak i\u00e7inde verilmelidir ve bir kaynak ile kaynaklar b\u00f6l\u00fcm\u00fcnde belirtilmelidir.<\/p>\n<p>Kaynaklar k\u0131sm\u0131nda, ara\u015ft\u0131r\u0131c\u0131lar\u0131n derleme ve ara\u015ft\u0131rma makalelerinde \u00e7al\u0131\u015fma konusu ile ilgili kendilerine ait en az bir adet makaleyi atfetmesi beklenir.<\/p>\n<p><strong>Bi\u00e7imlendirme ve \u015eablonlar<\/strong><\/p>\n<p>Dergide yay\u0131nlanmas\u0131 istenen makaleler a\u015fa\u011f\u0131da belirtilen \u015fekilde haz\u0131rlanmal\u0131d\u0131r.<\/p>\n<ul>\n<li>Makaleler, standart A4 boyutundaki k\u00e2\u011f\u0131da \u00fcstten, alttan, sa\u011fdan ve soldan 2 cm bo\u015fluk olacak \u015fekilde haz\u0131rlanm\u0131\u015ft\u0131r. Sat\u0131r aral\u0131\u011f\u0131 \u00f6z\/summary k\u0131s\u0131mlar\u0131nda tek di\u011fer t\u00fcm yerlerde 1,5 olarak se\u00e7ilmelidir.<\/li>\n<li>Makalenin yaz\u0131lmas\u0131 s\u0131ras\u0131nda Times New Roman yaz\u0131 karakteri kullan\u0131lmal\u0131d\u0131r.<\/li>\n<li>Makalede kullan\u0131lan k\u0131saltmalar, ilk ge\u00e7ti\u011fi yerde uzun hali ile birlikte verilmeli, daha sonra k\u0131salt\u0131lm\u0131\u015f \u015fekilleri kullan\u0131lmal\u0131d\u0131r.<\/li>\n<li>Makalelerde yaln\u0131zca Uluslararas\u0131 Birim Sistemi (SI) kullan\u0131lmal\u0131, zorunlu olarak farkl\u0131 birimler kullan\u0131lmas\u0131 gerekiyor ise parantez i\u00e7inde SI e\u015fde\u011feri verilmelidir.<\/li>\n<li>Makale, Ba\u015fl\u0131k Sayfas\u0131 ve Tam Metin olarak iki ayr\u0131 dosya halinde kaydedilmelidir. Yazarlara ait bilgiler sadece Ba\u015fl\u0131k Sayfas\u0131\u2019nda yer almal\u0131d\u0131r.<\/li>\n<li>Ba\u015fl\u0131k Sayfas\u0131\u2019nda, makale ba\u015fl\u0131\u011f\u0131 soldan yaslamal\u0131 olarak 14 punto, her kelimenin ba\u015f harfi b\u00fcy\u00fck olacak \u015fekilde ve koyu harflerle yaz\u0131lmal\u0131d\u0131r.<\/li>\n<li>Ba\u015fl\u0131k Sayfas\u0131\u2019nda, makale ba\u015fl\u0131\u011f\u0131ndan sonra iki sat\u0131r bo\u015fluk b\u0131rak\u0131l\u0131p, yazar adlar\u0131 ve soyadlar\u0131 s\u0131ras\u0131 ile unvan kullan\u0131lmadan (soyad\u0131n\u0131n hepsi b\u00fcy\u00fck olacak \u015fekilde) 12 punto ile ortalanm\u0131\u015f olarak yaz\u0131lmal\u0131d\u0131r.<\/li>\n<li>Ba\u015fl\u0131k Sayfas\u0131\u2019nda, yazar adresleri i\u00e7in her yazar\u0131n soyad\u0131n\u0131n sonuna artan say\u0131da y\u0131ld\u0131z simgesi eklenmi\u015ftir ve adresler bu y\u0131ld\u0131z say\u0131lar\u0131na g\u00f6re adlar\u0131n hemen alt\u0131nda 10 punto ile yaz\u0131lmal\u0131d\u0131r.<\/li>\n<li>Ba\u015fl\u0131k Sayfas\u0131\u2019nda, yazarlara ait ORCID numaralar\u0131 adreslerin hemen alt\u0131nda 10 punto olarak yaz\u0131lmal\u0131d\u0131r.<\/li>\n<li>Ba\u015fl\u0131k Sayfas\u0131\u2019nda, makaleden sorumlu yazar\/yazarlar, adlar\u0131n\u0131n yan\u0131ndaki y\u0131ld\u0131z simgelerinin sonuna \u201c\u00b0\u201d i\u015fareti konularak belirtilmelidir. \u201c\u00b0\u201d simgesinin a\u00e7\u0131klamas\u0131 sorumlu yazar ad\u0131\/soyad\u0131, telefon ve faks numaras\u0131 ile e-posta adresi belirtilerek sayfan\u0131n en sol alt k\u00f6\u015fesine 10 punto ile yaz\u0131lmal\u0131d\u0131r.<\/li>\n<li>\u201cYazar Katk\u0131 Oran\u0131 Beyan\u0131\u201d yazarlar\u0131n ad ve soyadlar\u0131n\u0131n ba\u015f harfleri kullan\u0131larak, 10 punto ile Ba\u015fl\u0131k Sayfas\u0131\u2019nda ORCID numaralar\u0131n\u0131n alt\u0131nda olacak \u015fekilde yap\u0131lmal\u0131d\u0131r.<\/li>\n<li>Tam Metin\u2019de makale ba\u015fl\u0131\u011f\u0131 soldan yaslamal\u0131 olarak 14 punto, her kelimenin ba\u015f harfi b\u00fcy\u00fck olacak \u015fekilde ve koyu harflerle yaz\u0131lmal\u0131d\u0131r.<\/li>\n<li>\u00d6zet ba\u015fl\u0131\u011f\u0131 (\u00d6z)\/(Summary), sadece ilk harfi b\u00fcy\u00fck olmak \u00fczere kal\u0131n ve 10 punto ile yaz\u0131lmal\u0131d\u0131r.<\/li>\n<li>T\u00fcrk\u00e7e ve \u0130ngilizce \u00f6zet metinleri i\u00e7erisinde ba\u015fl\u0131k i\u00e7ermeyen, 10 punto b\u00fcy\u00fckl\u00fc\u011f\u00fcnde, italik, tek sat\u0131r aral\u0131kl\u0131, iki yana yasl\u0131 ve en az 100 en fazla 250 kelime olacak \u015fekilde yaz\u0131lmal\u0131d\u0131r.<\/li>\n<li>\u00c7al\u0131\u015fma alan\u0131n\u0131 tan\u0131mlayan en fazla alt\u0131 adet anahtar kelime T\u00fcrk\u00e7e \u00f6zetten sonra T\u00fcrk\u00e7e ve \u0130ngilizce \u00f6zetten sonra \u0130ngilizce olarak bir sat\u0131r bo\u015fluk b\u0131rak\u0131larak verilmelidir.<\/li>\n<li>Anahtar Kelimeler, italik ve 10 punto olarak, virg\u00fcl (,) i\u015fareti ile birbirinden ayr\u0131larak, hepsi k\u00fc\u00e7\u00fck harflerle yaz\u0131lmal\u0131d\u0131r.<\/li>\n<li>Metin, iki yana dayal\u0131 \u015fekilde, 1,5 sat\u0131r aral\u0131kl\u0131 olarak yaz\u0131lmal\u0131, sat\u0131r ba\u015f\u0131 kullan\u0131lmay\u0131p paragraflar aras\u0131nda bir sat\u0131r bo\u015fluk verilmelidir.<\/li>\n<li>Metin i\u00e7erisindeki ana ba\u015fl\u0131klar, numaraland\u0131rma yap\u0131lmadan sola dayal\u0131, 12 punto, kal\u0131n ve b\u00fcy\u00fck harfle yaz\u0131lmal\u0131d\u0131r.<\/li>\n<li>Alt ba\u015fl\u0131klar ise numaraland\u0131rma yap\u0131lmadan sola dayal\u0131, 12 Punto, kal\u0131n ve sadece ilk harf b\u00fcy\u00fck olarak yaz\u0131lmal\u0131d\u0131r.<\/li>\n<li>Yeni ba\u015fl\u0131k yap\u0131lmadan \u00f6nce ve ba\u015fl\u0131klardan sonra bir sat\u0131r bo\u015fluk b\u0131rak\u0131larak takip eden metin yaz\u0131lmal\u0131d\u0131r.<\/li>\n<li>Ba\u015fl\u0131klar\u0131n alt\u0131ndaki metin paragraf ba\u015f\u0131 yapmadan yaz\u0131lm\u0131\u015f, yeni bir paragrafa ge\u00e7ildi\u011finde ise bir sat\u0131r bo\u015fluk b\u0131rak\u0131l\u0131p paragraf ba\u015f\u0131 yap\u0131lmadan devam edilmelidir.<\/li>\n<li>Hayvan deneyleri ve klinik \u00e7al\u0131\u015fmalar etik kurul onay\u0131n\u0131n al\u0131nd\u0131\u011f\u0131 kurumun ad\u0131 ve etik kurul onay numaras\u0131 materyal-y\u00f6ntem k\u0131sm\u0131nda verilmelidir.<\/li>\n<li>Bitkisel materyaller i\u00e7in herbaryum adresi, numaras\u0131 ve te\u015fhis eden ki\u015finin ad\u0131 ve soyad\u0131 materyal-y\u00f6ntem k\u0131sm\u0131nda verilmelidir.<\/li>\n<li>\u015eekiller, Tablolar ve Form\u00fcller metin i\u00e7erisinde yer almas\u0131 istenen yerlere yerle\u015ftirilmelidir.<\/li>\n<li>\u015eekiller, Tablolar ve Form\u00fcller bas\u0131m kalitesi a\u00e7\u0131s\u0131ndan m\u00fcmk\u00fcn olan en y\u00fcksek \u00e7\u00f6z\u00fcn\u00fcrl\u00fckte haz\u0131rlanmal\u0131d\u0131r.<\/li>\n<li>Metin i\u00e7erisinde t\u00fcm \u015fekil (\u015eekil 1.), tablo (Tablo 1.) ve form\u00fcllere (1) parentez kullan\u0131larak referans verilmelidir.<\/li>\n<li>\u015eekil isimleri s\u0131ra ile numaraland\u0131r\u0131lm\u0131\u015f, isimler \u201c\u015eekil 1.\u201d ile ba\u015flayacak \u015fekilde \u015feklin alt\u0131nda ortalanm\u0131\u015f olarak koyu renkte ve 12 punto olarak yaz\u0131lmal\u0131d\u0131r..<\/li>\n<li>Tablolar s\u0131ra ile numaraland\u0131r\u0131lm\u0131\u015f, tablo ba\u015fl\u0131klar\u0131 koyu renkte ve 12 punto b\u00fcy\u00fckl\u00fc\u011f\u00fcnde \u201cTablo 1.\u201d \u015feklinde tablonun \u00fcst\u00fcnde sola dayal\u0131 olarak yer almal\u0131d\u0131r.<\/li>\n<li>Her t\u00fcrl\u00fc e\u015fitlik ve form\u00fcller, bilgisayar programlar\u0131 (ChemDraw vb.) kullan\u0131larak olu\u015fturulmu\u015f, s\u0131ra ile numaraland\u0131r\u0131lm\u0131\u015f, numaralar sa\u011fa dayal\u0131 \u015fekilde parantez i\u00e7inde (1) yaz\u0131lmal\u0131d\u0131r.<\/li>\n<li>\u015eekiller, Tablolar ve Form\u00fcller farkl\u0131 bir kaynaktan al\u0131nd\u0131ysa kullan\u0131m i\u00e7in gerekli izinler sa\u011flanm\u0131\u015f ve bu konuyla ilgili metinde bilgi verilmelidir. Ayr\u0131ca bu kaynak metin i\u00e7inde refere edilerek Kaynaklar b\u00f6l\u00fcm\u00fcnde belirtilmelidir.<\/li>\n<li>TE\u015eEKK\u00dcR k\u0131sm\u0131 (e\u011fer varsa) Sonu\u00e7 k\u0131sm\u0131n\u0131n hemen alt\u0131nda 12 punto olacak \u015fekilde verilmelidir.<\/li>\n<li>Yazarlar projenin ger\u00e7ekle\u015ftirilmesi s\u0131ras\u0131nda herhangi bir destek ald\u0131larsa bunu TE\u015eEKK\u00dcR k\u0131sm\u0131nda belirtmi\u015f, bu destek bir proje ile al\u0131nm\u0131\u015fsa, proje numaras\u0131 ve destekleyen kurum yaz\u0131lmal\u0131d\u0131r.<\/li>\n<li>\u00c7\u0131kar \u00c7at\u0131\u015fmas\u0131 k\u0131sm\u0131 varsa Ba\u015fl\u0131k Sayfas\u0131\u2019nda belirtilmi\u015ftir. E\u011fer \u00e7\u0131kar \u00e7at\u0131\u015fmas\u0131 yoksa \u201cYazarlar herhangi bir \u00e7\u0131kar \u00e7at\u0131\u015fmas\u0131 olmad\u0131\u011f\u0131n\u0131 beyan eder.\u201d ifadesi kullan\u0131lmal\u0131d\u0131r.<\/li>\n<li>Kaynaklar metinin en sonunda yer alm\u0131\u015f ve ilk yazar\u0131n soyad\u0131n\u0131n ilk harfine g\u00f6re alfabetik olarak verilmelidir.<\/li>\n<li>Metin i\u00e7inde bir konuda birden fazla kaynak verilirse bu kaynaklar kendi i\u00e7erisinde y\u0131l s\u0131ralamas\u0131 verilerek yaz\u0131lmal\u0131d\u0131r.<\/li>\n<li>Kaynaklar, American Psychological Association (APA)-6\u2019ya uygun olarak yaz\u0131lmal\u0131d\u0131r.\u00a0APA\u2019n\u0131n 6. bask\u0131s\u0131 i\u00e7in \u201chttp:\/\/calstatela.libguides.com\/ld.php?content_id=39571710\u201d linkine ula\u015f\u0131labilir.<\/li>\n<li>Makale haz\u0131rlan\u0131rken dikkat edilmesi gereken kurallar okunmu\u015f ve makele bu kurallara uygun olarak sunulmal\u0131d\u0131r.<\/li>\n<\/ul>\n<p><strong>Kaynaklar i\u00e7in a\u015fa\u011f\u0131daki formatlar \u00f6rnek al\u0131nabilir:<\/strong><\/p>\n<p><strong>\u00d6rnek:<\/strong><\/p>\n<p><strong>Makale:<\/strong> \u2013 Yazar(lar\u0131n) Soyad\u0131, Ad\u0131n\u0131n Ba\u015f Harfi.,\u2026\u2026\u2026\u2026\u2026\u2026.., Son Yazar\u0131n Soyad\u0131, Ad\u0131n\u0131n Ba\u015f Harfi. (Y\u0131l). \u00c7al\u0131\u015fman\u0131n Ba\u015fl\u0131\u011f\u0131, Dergi \u0130smi, Say\u0131s\u0131, Numaras\u0131, Sayfa.<\/p>\n<p><strong>\u00d6rnekler:<\/strong><\/p>\n<p>Senior, B., & Swailes, S. (2007). Inside management teams: Developing a teamwork survey instrument. British Journal of Management, 18, 138- 153. doi:10.1111\/j.1467-8551.2006.00507.<\/p>\n<p>Wolchik, S. A., West, S. G., Sandler, I. N., Tein, J.-Y., Coatsworth, D., Lengua, L.,\u2026Griffin, W. A. (2000). An experimental evaluation of theory-based mother and mother-child programs for children of divorce, Journal of Consulting and Clinical Psychology, 68, 843- 856. http:\/\/dx.doi.org\/10.1037\/0022-006X.68.5.843<\/p>\n<p>Harlow, H. F. (1983). Fundamentals for preparing psychology journal articles, Journal of Comparative and Physiological Psychology, 55, 893-896.<\/p>\n<p>Scruton, R. (1996). The eclipse of listening, The New Criterion, 15(3), 5-13.<\/p>\n<p><strong>Kitaplar:<\/strong> \u2013 Yazar(lar\u0131n) Soyad\u0131, Ad\u0131n\u0131n Ba\u015f Harfi., \u2026\u2026\u2026\u2026\u2026. Son Yazar\u0131n Soyad\u0131, Son Yazar\u0131n Ad\u0131n\u0131n Ba\u015f Harfi. (Y\u0131l). Ad\u0131n\u0131n Ba\u015f Harfi. Kitap ad\u0131. Yay\u0131nevi, Yay\u0131n yeri, sayfa (varsa).<\/p>\n<p><strong>\u00d6rnekler:<\/strong><\/p>\n<p>Carlson, B.M. (2004). Human embryology and developmental biology. 3th ed. St. Louis, Mosby, 561-564.<\/p>\n<p>Cheers, B., Darracott, R., Lonne B. (2007). Social care practice in rural communities. Sydney, Federation Press.<\/p>\n<p>Alexie, S. (1992). The business of fancydancing: Stories and poems. Brooklyn, NY: Hang Loose Press.<\/p>\n<p><strong>Kongreler:<\/strong> \u2013 Yazar(lar\u0131n) Soyad\u0131, Ad\u0131n\u0131n Ba\u015f Harfi., Son Yazar\u0131n Soyad\u0131, Ad\u0131n\u0131n Ba\u015f Harfi. (Y\u0131l). \u00c7al\u0131\u015fman\u0131n Ba\u015fl\u0131\u011f\u0131, Kongre veya Kongre Kitab\u0131 Ad\u0131. Yap\u0131ld\u0131\u011f\u0131 Yer.<\/p>\n<p><strong>\u00d6rnekler:<\/strong><\/p>\n<p>Vande Voorde, J., Balzarini, B., Liekens, S. (2014), Inactivation of Nucleoside-Derived Anticancer Drugs by Catabolic Prokaryotic Enzymes. 23rd Biennial EACR Congress. Munih, Germany.<\/p>\n<p><strong>\u0130nternet:<\/strong> \u2013 Yazar(lar\u0131n) Soyad\u0131, Ad\u0131n\u0131n ba\u015f harfi veya kurulu\u015f ad\u0131(varsa). \u00c7al\u0131\u015fman\u0131n Ba\u015fl\u0131\u011f\u0131, \u0130nternet Adresi, Eri\u015fim Tarihi<\/p>\n<p><strong>\u00d6rnekler:<\/strong><\/p>\n<p>FDA. (1982), Digoxin oral solution, https:\/\/www. accessdata.fda.gov\/drugsatfda_docs\/label\/ 2016\/021648s009lbl.pdf, Eri\u015fim tarihi: 30 Mart 2019.<\/p>\n            <\/div>\r\n    \r\n            <div post_id=\"1985\" itemcount=\"4\"  header_id=\"header-1613931096069\" id=\"header-1613931096069\" style=\"\" class=\"accordions-head head1613931096069 border-none\" toggle-text=\"\" main-text=\"Makale De\u011ferlendirme S\u00fcreci\">\r\n                                    <span id=\"accordion-icons-1613931096069\" class=\"accordion-icons\">\r\n                        <span class=\"accordion-icon-active accordion-plus\"><i class=\"fas fa-chevron-up\"><\/i><\/span>\r\n                        <span class=\"accordion-icon-inactive accordion-minus\"><i class=\"fas fa-chevron-right\"><\/i><\/span>\r\n                    <\/span>\r\n                    <span id=\"header-text-1613931096069\" class=\"accordions-head-title\">Makale De\u011ferlendirme S\u00fcreci<\/span>\r\n                            <\/div>\r\n            <div class=\"accordion-content content1613931096069 \">\r\n                <ul>\n<li>Dergiye gelen makaleler edit\u00f6r \/edit\u00f6r yard\u0131mc\u0131(lar)\u0131 taraf\u0131ndan bi\u00e7imsel ve bilimsel bir \u00f6n incelemeye tabi tutulur. Bilimsel ve bi\u00e7imsel \u00f6n de\u011ferlendirmeyi ge\u00e7emeyen makaleler kesinlikle kabul edilmez.<\/li>\n<li>\u00d6n incelemeden ge\u00e7en makaleler edit\u00f6r\/edit\u00f6r yard\u0131mc\u0131(lar)\u0131 taraf\u0131ndan en az iki uzman hakeme g\u00f6nderilerek bilimsel olarak de\u011ferlendirilmesi sa\u011flan\u0131r.<\/li>\n<li>De\u011ferlendirme s\u00fcreci tamamlanan ve dergide yay\u0131nlanmak \u00fczere kabul edilen makalelerin yay\u0131nlanma s\u0131ras\u0131na dergi edit\u00f6r\/edit\u00f6r yard\u0131mc\u0131(lar)\u0131 makalelerin geli\u015f tarihine g\u00f6re karar verir.<\/li>\n<li>Makale de\u011ferlendirme s\u00fcre\u00e7leri ortalama 60 g\u00fcn i\u00e7inde tamamlan\u0131r.<\/li>\n<li>Makalenin de\u011ferlendirilmesi ile ilgili yaz\u0131\u015fmalar sadece sorumlu yazar ile yap\u0131l\u0131r.<\/li>\n<\/ul>\n            <\/div>\r\n    \r\n            <div post_id=\"1985\" itemcount=\"5\"  header_id=\"header-1613931120770\" id=\"header-1613931120770\" style=\"\" class=\"accordions-head head1613931120770 border-none\" toggle-text=\"\" main-text=\"Revizyon\">\r\n                                    <span id=\"accordion-icons-1613931120770\" class=\"accordion-icons\">\r\n                        <span class=\"accordion-icon-active accordion-plus\"><i class=\"fas fa-chevron-up\"><\/i><\/span>\r\n                        <span class=\"accordion-icon-inactive accordion-minus\"><i class=\"fas fa-chevron-right\"><\/i><\/span>\r\n                    <\/span>\r\n                    <span id=\"header-text-1613931120770\" class=\"accordions-head-title\">Revizyon<\/span>\r\n                            <\/div>\r\n            <div class=\"accordion-content content1613931120770 \">\r\n                <p>G\u00f6nderilmi\u015f olan makaleye revizyon istendi\u011finde yazarlar hakemlerin ve edit\u00f6rlerin sorular\u0131na cevap verme y\u00fck\u00fcml\u00fcl\u00fc\u011f\u00fcndedirler.<\/p>\n<p>Revizyonlar, aksi \u00f6zellikle belirtilmedi\u011fi takdirde en ge\u00e7 15 g\u00fcn i\u00e7erisinde g\u00f6nderilmelidir.\u00a0 Yazarlar daha fazla s\u00fcreye ihtiya\u00e7 duyduklar\u0131nda, revizyon s\u00fcresinin ba\u015flang\u0131c\u0131nda ek s\u00fcre talep edebilirler. Bu s\u00fcre edit\u00f6r taraf\u0131ndan de\u011ferlendirilir.<\/p>\n<p>Belirtilen s\u00fcrede revizyon g\u00f6nderilmezse, revizyon se\u00e7ene\u011fi iptal edilir.<\/p>\n<div id=\"WRWHOISInstalled\"><\/div>\n<div id=\"WRWHOISInstalled\"><\/div>\n<div id=\"WRWHOISInstalled\"><\/div>\n            <\/div>\r\n    \r\n            <div post_id=\"1985\" itemcount=\"6\"  header_id=\"header-1613931140153\" id=\"header-1613931140153\" style=\"\" class=\"accordions-head head1613931140153 border-none\" toggle-text=\"\" main-text=\"Kabul Sonras\u0131 \">\r\n                                    <span id=\"accordion-icons-1613931140153\" class=\"accordion-icons\">\r\n                        <span class=\"accordion-icon-active accordion-plus\"><i class=\"fas fa-chevron-up\"><\/i><\/span>\r\n                        <span class=\"accordion-icon-inactive accordion-minus\"><i class=\"fas fa-chevron-right\"><\/i><\/span>\r\n                    <\/span>\r\n                    <span id=\"header-text-1613931140153\" class=\"accordions-head-title\">Kabul Sonras\u0131 <\/span>\r\n                            <\/div>\r\n            <div class=\"accordion-content content1613931140153 \">\r\n                <ul>\n<li>Kabul edilen makaleler \u0130ngilizce (Grammarly program\u0131 \u00fczerinden) ve T\u00fcrk\u00e7e dilbilgisi, noktalama i\u015faretleri ve bi\u00e7im a\u00e7\u0131s\u0131ndan d\u00fczenlenir.<\/li>\n<li>D\u00fczeltme n\u00fcshalar\u0131 sadece sorumlu yazara g\u00f6nderilir. Yaz\u0131m hatalar\u0131, dikkatli bir \u015fekilde kontrol edilip d\u00fczeltildikten sonra 7 g\u00fcn i\u00e7inde dergiye geri g\u00f6nderilmelidir.<\/li>\n<li>Kabul al\u0131p, d\u00fczeltme a\u015famas\u0131na ge\u00e7mi\u015f makalelere yeni verilerin veya yazar adlar\u0131n\u0131n dahil edilmesine veya de\u011fi\u015ftirilmesine izin verilmez.<\/li>\n<\/ul>\n            <\/div>\r\n    <\/div>\r\n\r\n\r\n\r\n            <\/div><\/p>","protected":false},"excerpt":{"rendered":"","protected":false},"author":1,"featured_media":0,"parent":0,"menu_order":0,"comment_status":"closed","ping_status":"closed","template":"","meta":{"footnotes":""},"class_list":["post-69","page","type-page","status-publish","hentry"],"_links":{"self":[{"href":"https:\/\/dergi.fabad.org.tr\/tr\/wp-json\/wp\/v2\/pages\/69","targetHints":{"allow":["GET"]}}],"collection":[{"href":"https:\/\/dergi.fabad.org.tr\/tr\/wp-json\/wp\/v2\/pages"}],"about":[{"href":"https:\/\/dergi.fabad.org.tr\/tr\/wp-json\/wp\/v2\/types\/page"}],"author":[{"embeddable":true,"href":"https:\/\/dergi.fabad.org.tr\/tr\/wp-json\/wp\/v2\/users\/1"}],"replies":[{"embeddable":true,"href":"https:\/\/dergi.fabad.org.tr\/tr\/wp-json\/wp\/v2\/comments?post=69"}],"version-history":[{"count":12,"href":"https:\/\/dergi.fabad.org.tr\/tr\/wp-json\/wp\/v2\/pages\/69\/revisions"}],"predecessor-version":[{"id":2239,"href":"https:\/\/dergi.fabad.org.tr\/tr\/wp-json\/wp\/v2\/pages\/69\/revisions\/2239"}],"wp:attachment":[{"href":"https:\/\/dergi.fabad.org.tr\/tr\/wp-json\/wp\/v2\/media?parent=69"}],"curies":[{"name":"wp","href":"https:\/\/api.w.org\/{rel}","templated":true}]}}